{"id":1267,"date":"2025-04-10T15:39:54","date_gmt":"2025-04-10T13:39:54","guid":{"rendered":"https:\/\/elpalauetdelpriorat.com\/experiences\/"},"modified":"2025-08-25T10:26:39","modified_gmt":"2025-08-25T08:26:39","slug":"experiences","status":"publish","type":"page","link":"https:\/\/elpalauetdelpriorat.com\/fr\/experiences\/","title":{"rendered":"Exp\u00e9riences"},"content":{"rendered":"\n<div class=\"wp-block-cover alignfull arriba\" style=\"min-height:736px;aspect-ratio:unset;\"><img loading=\"lazy\" decoding=\"async\" width=\"1000\" height=\"1000\" class=\"wp-block-cover__image-background wp-image-142\" alt=\"\" src=\"https:\/\/elpalauetdelpriorat.com\/wp-content\/uploads\/2025\/04\/experiencias-1.jpg\" data-object-fit=\"cover\" srcset=\"https:\/\/elpalauetdelpriorat.com\/wp-content\/uploads\/2025\/04\/experiencias-1.jpg 1000w, https:\/\/elpalauetdelpriorat.com\/wp-content\/uploads\/2025\/04\/experiencias-1-300x300.jpg 300w, https:\/\/elpalauetdelpriorat.com\/wp-content\/uploads\/2025\/04\/experiencias-1-100x100.jpg 100w, https:\/\/elpalauetdelpriorat.com\/wp-content\/uploads\/2025\/04\/experiencias-1-600x600.jpg 600w, https:\/\/elpalauetdelpriorat.com\/wp-content\/uploads\/2025\/04\/experiencias-1-150x150.jpg 150w, https:\/\/elpalauetdelpriorat.com\/wp-content\/uploads\/2025\/04\/experiencias-1-768x768.jpg 768w\" sizes=\"auto, (max-width: 1000px) 100vw, 1000px\" \/><span aria-hidden=\"true\" class=\"wp-block-cover__background has-theme-palette-3-background-color has-background-dim-30 has-background-dim\"><\/span><div class=\"wp-block-cover__inner-container is-layout-constrained wp-block-cover-is-layout-constrained\">\n<p class=\"has-text-align-center has-theme-palette-9-color has-text-color has-link-color has-large-font-size wp-elements-4066babbc0becf805ff6e14192f0116a\">EXP\u00c9RIENCES<\/p>\n<\/div><\/div>\n\n<div class=\"wp-block-buttons botones is-content-justification-center is-layout-flex wp-container-core-buttons-is-layout-16018d1d wp-block-buttons-is-layout-flex\">\n<div class=\"wp-block-button\"><a class=\"wp-block-button__link has-theme-palette-3-color has-theme-palette-9-background-color has-text-color has-background has-link-color has-small-font-size has-custom-font-size wp-element-button\" href=\"https:\/\/elpalauetdelpriorat.com\/fr\/reservations\/\">R\u00c9SERVEZ MAINTENANT<\/a><\/div>\n\n\n\n<div class=\"wp-block-button\"><a class=\"wp-block-button__link has-small-font-size has-custom-font-size wp-element-button\" href=\"https:\/\/elpalauetdelpriorat.com\/fr\/reservations\/\">V\u00c9RIFIER LA DISPONIBILIT\u00c9<\/a><\/div>\n<\/div>\n\n<div class=\"wp-block-columns are-vertically-aligned-center is-layout-flex wp-container-core-columns-is-layout-2d85a6ef wp-block-columns-is-layout-flex\" style=\"margin-top:var(--wp--preset--spacing--80);margin-bottom:var(--wp--preset--spacing--80)\">\n<div class=\"wp-block-column is-vertically-aligned-center is-layout-flow wp-block-column-is-layout-flow\" style=\"padding-right:var(--wp--preset--spacing--80);padding-left:var(--wp--preset--spacing--80)\">\n<h2 class=\"wp-block-heading has-xxlarge-font-size\">Paix, confort et harmonie parfaite<\/h2>\n<\/div>\n\n\n\n<div class=\"wp-block-column is-vertically-aligned-center is-layout-flow wp-block-column-is-layout-flow\">\n<p>Tout peut arriver, il suffit de le vouloir. Anticipez et contactez-nous au moment de la r\u00e9servation. Nous organisons votre s\u00e9jour en une exp\u00e9rience pour l&rsquo;\u00e9veil des SENS.  <\/p>\n<\/div>\n<\/div>\n\n<div class=\"wp-block-cover aligncenter has-theme-palette-3-color has-text-color has-link-color wp-elements-038a054cb01ef6f88631a6ff33895825\" style=\"padding-top:var(--wp--preset--spacing--80);padding-bottom:var(--wp--preset--spacing--80)\"><span aria-hidden=\"true\" class=\"wp-block-cover__background has-theme-palette-9-background-color has-background-dim-100 has-background-dim\"><\/span><div class=\"wp-block-cover__inner-container is-layout-constrained wp-block-cover-is-layout-constrained\">\n<div class=\"wp-block-columns columnas is-layout-flex wp-container-core-columns-is-layout-9d6595d7 wp-block-columns-is-layout-flex\">\n<div class=\"wp-block-column is-layout-flow wp-block-column-is-layout-flow\">\n<figure class=\"wp-block-image size-large\"><img loading=\"lazy\" decoding=\"async\" width=\"1024\" height=\"768\" src=\"https:\/\/elpalauetdelpriorat.com\/wp-content\/uploads\/2025\/04\/wine-1024x768.jpg\" alt=\"\" class=\"wp-image-155\" style=\"aspect-ratio:4\/3;object-fit:cover\" srcset=\"https:\/\/elpalauetdelpriorat.com\/wp-content\/uploads\/2025\/04\/wine-1024x768.jpg 1024w, https:\/\/elpalauetdelpriorat.com\/wp-content\/uploads\/2025\/04\/wine-600x450.jpg 600w, https:\/\/elpalauetdelpriorat.com\/wp-content\/uploads\/2025\/04\/wine-300x225.jpg 300w, https:\/\/elpalauetdelpriorat.com\/wp-content\/uploads\/2025\/04\/wine-768x576.jpg 768w, https:\/\/elpalauetdelpriorat.com\/wp-content\/uploads\/2025\/04\/wine.jpg 1440w\" sizes=\"auto, (max-width: 1024px) 100vw, 1024px\" \/><\/figure>\n\n\n\n<h3 class=\"wp-block-heading has-text-align-center\">\u0152NOTOURISME<\/h3>\n\n\n\n<p class=\"has-text-align-center estilo\">Renseignez-vous sur les visites guid\u00e9es des caves de cet environnement privil\u00e9gi\u00e9, comme D.O. Montsant-D.O.Q. Priorat, et profitez de nos accords sp\u00e9ciaux pour les clients. Une exp\u00e9rience pour laisser libre cours \u00e0 vos sens et comprendre les racines de nos origines vitivinicoles.  <\/p>\n<\/div>\n\n\n\n<div class=\"wp-block-column is-layout-flow wp-block-column-is-layout-flow\">\n<figure class=\"wp-block-image size-full\"><img loading=\"lazy\" decoding=\"async\" width=\"1600\" height=\"1200\" src=\"https:\/\/elpalauetdelpriorat.com\/wp-content\/uploads\/2025\/08\/WhatsApp-Image-2025-08-25-at-08.16.37.jpeg\" alt=\"\" class=\"wp-image-21709\" style=\"aspect-ratio:4\/3;object-fit:cover\" srcset=\"https:\/\/elpalauetdelpriorat.com\/wp-content\/uploads\/2025\/08\/WhatsApp-Image-2025-08-25-at-08.16.37.jpeg 1600w, https:\/\/elpalauetdelpriorat.com\/wp-content\/uploads\/2025\/08\/WhatsApp-Image-2025-08-25-at-08.16.37-300x225.jpeg 300w, https:\/\/elpalauetdelpriorat.com\/wp-content\/uploads\/2025\/08\/WhatsApp-Image-2025-08-25-at-08.16.37-1024x768.jpeg 1024w, https:\/\/elpalauetdelpriorat.com\/wp-content\/uploads\/2025\/08\/WhatsApp-Image-2025-08-25-at-08.16.37-768x576.jpeg 768w, https:\/\/elpalauetdelpriorat.com\/wp-content\/uploads\/2025\/08\/WhatsApp-Image-2025-08-25-at-08.16.37-1536x1152.jpeg 1536w, https:\/\/elpalauetdelpriorat.com\/wp-content\/uploads\/2025\/08\/WhatsApp-Image-2025-08-25-at-08.16.37-600x450.jpeg 600w\" sizes=\"auto, (max-width: 1600px) 100vw, 1600px\" \/><\/figure>\n\n\n\n<h3 class=\"wp-block-heading has-text-align-center\">ROUTES 4X4<\/h3>\n\n\n\n<p>Nous allons tr\u00e8s loin, les meilleures routes tout-terrain 4\u00d74 \u00e0 travers les montagnes de Siurana, Prades, Montsant et Priorat.<\/p>\n\n\n\n<p class=\"has-text-align-center estilo\">Nature au milieu des vignes, paysages de r\u00eave, combinez-le avec notre panier de pique-nique et laissez-vous emporter par les \u00e9motions.<\/p>\n<\/div>\n\n\n\n<div class=\"wp-block-column is-layout-flow wp-block-column-is-layout-flow\">\n<figure class=\"wp-block-image size-full\"><img loading=\"lazy\" decoding=\"async\" width=\"960\" height=\"720\" src=\"https:\/\/elpalauetdelpriorat.com\/wp-content\/uploads\/2025\/04\/bici.jpg\" alt=\"\" class=\"wp-image-153\" style=\"aspect-ratio:4\/3;object-fit:cover\" srcset=\"https:\/\/elpalauetdelpriorat.com\/wp-content\/uploads\/2025\/04\/bici.jpg 960w, https:\/\/elpalauetdelpriorat.com\/wp-content\/uploads\/2025\/04\/bici-600x450.jpg 600w, https:\/\/elpalauetdelpriorat.com\/wp-content\/uploads\/2025\/04\/bici-300x225.jpg 300w, https:\/\/elpalauetdelpriorat.com\/wp-content\/uploads\/2025\/04\/bici-768x576.jpg 768w\" sizes=\"auto, (max-width: 960px) 100vw, 960px\" \/><\/figure>\n\n\n\n<h3 class=\"wp-block-heading has-text-align-center\">SUR ROUES<\/h3>\n\n\n\n<p>D\u00e9couvrez la richesse de l&rsquo;environnement en p\u00e9dalant \u00e0 travers des paysages de r\u00eave, nous vous proposons des itin\u00e9raires. Vous avez besoin d&rsquo;\u00e9quipement ? Nous vous louons tout l&rsquo;\u00e9quipement et m\u00eame le guide.  <\/p>\n\n\n\n<p class=\"has-text-align-center estilo\">Combinez-le avec notre panier de pique-nique aux saveurs de la Terre.<\/p>\n<\/div>\n<\/div>\n\n\n\n<div class=\"wp-block-columns columnas is-layout-flex wp-container-core-columns-is-layout-9d6595d7 wp-block-columns-is-layout-flex\">\n<div class=\"wp-block-column is-layout-flow wp-block-column-is-layout-flow\">\n<figure class=\"wp-block-image size-full\"><img loading=\"lazy\" decoding=\"async\" width=\"1024\" height=\"768\" src=\"https:\/\/elpalauetdelpriorat.com\/wp-content\/uploads\/2025\/04\/descubreix.jpg\" alt=\"\" class=\"wp-image-152\" srcset=\"https:\/\/elpalauetdelpriorat.com\/wp-content\/uploads\/2025\/04\/descubreix.jpg 1024w, https:\/\/elpalauetdelpriorat.com\/wp-content\/uploads\/2025\/04\/descubreix-600x450.jpg 600w, https:\/\/elpalauetdelpriorat.com\/wp-content\/uploads\/2025\/04\/descubreix-300x225.jpg 300w, https:\/\/elpalauetdelpriorat.com\/wp-content\/uploads\/2025\/04\/descubreix-768x576.jpg 768w\" sizes=\"auto, (max-width: 1024px) 100vw, 1024px\" \/><\/figure>\n\n\n\n<h3 class=\"wp-block-heading has-text-align-center\">LE PRIORAT \u00c0 PIED<\/h3>\n\n\n\n<p>Pour les amoureux de la nature, quelle meilleure fa\u00e7on que de d\u00e9couvrir \u00e0 pied des lieux magiques, des sentiers spectaculaires, des itin\u00e9raires et des grottes du Montsant, des Sierras de Prades et du Priorat.<\/p>\n\n\n\n<p class=\"has-text-align-center estilo\">Nous cr\u00e9ons pour vous l&rsquo;itin\u00e9raire id\u00e9al. N&rsquo;oubliez pas d&#8217;emporter notre panier de pique-nique pour profiter des saveurs de la terre sans limitations. <\/p>\n<\/div>\n\n\n\n<div class=\"wp-block-column is-layout-flow wp-block-column-is-layout-flow\">\n<figure class=\"wp-block-image size-large\"><img loading=\"lazy\" decoding=\"async\" width=\"1024\" height=\"768\" src=\"https:\/\/elpalauetdelpriorat.com\/wp-content\/uploads\/2025\/04\/anfiteatro-tarragona-1024x768.jpg\" alt=\"\" class=\"wp-image-151\" srcset=\"https:\/\/elpalauetdelpriorat.com\/wp-content\/uploads\/2025\/04\/anfiteatro-tarragona-1024x768.jpg 1024w, https:\/\/elpalauetdelpriorat.com\/wp-content\/uploads\/2025\/04\/anfiteatro-tarragona-600x450.jpg 600w, https:\/\/elpalauetdelpriorat.com\/wp-content\/uploads\/2025\/04\/anfiteatro-tarragona-300x225.jpg 300w, https:\/\/elpalauetdelpriorat.com\/wp-content\/uploads\/2025\/04\/anfiteatro-tarragona-768x576.jpg 768w, https:\/\/elpalauetdelpriorat.com\/wp-content\/uploads\/2025\/04\/anfiteatro-tarragona.jpg 1440w\" sizes=\"auto, (max-width: 1024px) 100vw, 1024px\" \/><\/figure>\n\n\n\n<h3 class=\"wp-block-heading has-text-align-center\">ENRICHISSEMENT CULTUREL<\/h3>\n\n\n\n<p class=\"has-text-align-center estilo has-theme-palette-3-color has-text-color has-link-color wp-elements-15e5c7c9ba1c7ed15ad70f1fb9262f0d\">\u2013 Visites th\u00e9\u00e2tralis\u00e9es de la derni\u00e8re forteresse sarrasine.<br\/>\u2013 Profitez des galeries souterraines.<br\/>\u2013 Visites de la Chartreuse d&rsquo;Escaladei, d\u00e9couvrez la premi\u00e8re Chartreuse de la p\u00e9ninsule.<br\/>\u2013 Ermitages, lieux mystiques, espaces de silence et de contemplation.<br\/>\u2013 Villages de charme : Siurana, Albarca, Prades\u2026<br\/>\u2013 Peintures rupestres.<\/p>\n<\/div>\n\n\n\n<div class=\"wp-block-column is-layout-flow wp-block-column-is-layout-flow\">\n<figure class=\"wp-block-image size-full\"><img loading=\"lazy\" decoding=\"async\" width=\"640\" height=\"480\" src=\"https:\/\/elpalauetdelpriorat.com\/wp-content\/uploads\/2025\/04\/kayac.jpg\" alt=\"\" class=\"wp-image-150\" srcset=\"https:\/\/elpalauetdelpriorat.com\/wp-content\/uploads\/2025\/04\/kayac.jpg 640w, https:\/\/elpalauetdelpriorat.com\/wp-content\/uploads\/2025\/04\/kayac-600x450.jpg 600w, https:\/\/elpalauetdelpriorat.com\/wp-content\/uploads\/2025\/04\/kayac-300x225.jpg 300w\" sizes=\"auto, (max-width: 640px) 100vw, 640px\" \/><\/figure>\n\n\n\n<h3 class=\"wp-block-heading has-text-align-center\">KAYAK \u00c0 SIURANA<\/h3>\n\n\n\n<p class=\"has-text-align-center estilo\">En couple ou en famille, d\u00e9couvrez les coins o\u00f9 vous emm\u00e8ne l&rsquo;eau du Pantano de Siurana, amusement, immersion dans l&rsquo;harmonie de la nature. Contactez-nous. <\/p>\n<\/div>\n<\/div>\n<\/div><\/div>\n","protected":false},"excerpt":{"rendered":"<p>Paix, confort et harmonie parfaite Tout peut arriver, il suffit de le vouloir. Anticipez et contactez-nous au moment de la r\u00e9servation. Nous organisons votre s\u00e9jour en une exp\u00e9rience pour l&rsquo;\u00e9veil des SENS.<\/p>\n","protected":false},"author":1,"featured_media":0,"parent":0,"menu_order":0,"comment_status":"closed","ping_status":"closed","template":"","meta":{"_kad_post_transparent":"","_kad_post_title":"","_kad_post_layout":"","_kad_post_sidebar_id":"","_kad_post_content_style":"","_kad_post_vertical_padding":"","_kad_post_feature":"","_kad_post_feature_position":"","_kad_post_header":false,"_kad_post_footer":false,"_kad_post_classname":"","footnotes":""},"class_list":["post-1267","page","type-page","status-publish","hentry"],"_links":{"self":[{"href":"https:\/\/elpalauetdelpriorat.com\/fr\/wp-json\/wp\/v2\/pages\/1267","targetHints":{"allow":["GET"]}}],"collection":[{"href":"https:\/\/elpalauetdelpriorat.com\/fr\/wp-json\/wp\/v2\/pages"}],"about":[{"href":"https:\/\/elpalauetdelpriorat.com\/fr\/wp-json\/wp\/v2\/types\/page"}],"author":[{"embeddable":true,"href":"https:\/\/elpalauetdelpriorat.com\/fr\/wp-json\/wp\/v2\/users\/1"}],"replies":[{"embeddable":true,"href":"https:\/\/elpalauetdelpriorat.com\/fr\/wp-json\/wp\/v2\/comments?post=1267"}],"version-history":[{"count":3,"href":"https:\/\/elpalauetdelpriorat.com\/fr\/wp-json\/wp\/v2\/pages\/1267\/revisions"}],"predecessor-version":[{"id":21718,"href":"https:\/\/elpalauetdelpriorat.com\/fr\/wp-json\/wp\/v2\/pages\/1267\/revisions\/21718"}],"wp:attachment":[{"href":"https:\/\/elpalauetdelpriorat.com\/fr\/wp-json\/wp\/v2\/media?parent=1267"}],"curies":[{"name":"wp","href":"https:\/\/api.w.org\/{rel}","templated":true}]}}