{"id":1217,"date":"2025-04-10T13:44:02","date_gmt":"2025-04-10T11:44:02","guid":{"rendered":"https:\/\/elpalauetdelpriorat.com\/el-palauet-del-priorat\/"},"modified":"2025-08-13T13:31:10","modified_gmt":"2025-08-13T11:31:10","slug":"el-palauet-del-priorat","status":"publish","type":"page","link":"https:\/\/elpalauetdelpriorat.com\/fr\/","title":{"rendered":"El Palauet del Priorat"},"content":{"rendered":"\n\n<div class=\"wp-block-buttons botones is-content-justification-center is-layout-flex wp-container-core-buttons-is-layout-16018d1d wp-block-buttons-is-layout-flex\">\n<div class=\"wp-block-button\"><a class=\"wp-block-button__link has-theme-palette-3-color has-theme-palette-9-background-color has-text-color has-background has-link-color has-small-font-size has-custom-font-size wp-element-button\" href=\"https:\/\/elpalauetdelpriorat.com\/fr\/reservations\/\">FAITES VOTRE R\u00c9SERVATION MAINTENANT<\/a><\/div>\n\n\n\n<div class=\"wp-block-button\"><a class=\"wp-block-button__link has-small-font-size has-custom-font-size wp-element-button\" href=\"https:\/\/elpalauetdelpriorat.com\/fr\/reservations\/\">V\u00c9RIFIER LA DISPONIBILIT\u00c9<\/a><\/div>\n<\/div>\n\n<div class=\"wp-block-cover alignfull\"><span aria-hidden=\"true\" class=\"wp-block-cover__background has-theme-palette-9-background-color has-background-dim-100 has-background-dim\"><\/span><div class=\"wp-block-cover__inner-container is-layout-constrained wp-block-cover-is-layout-constrained\">\n<p class=\"has-text-align-center has-large-font-size\"><\/p>\n\n\n\n<div class=\"wp-block-media-text has-media-on-the-right is-stacked-on-mobile movido\" style=\"grid-template-columns:auto 60%\"><div class=\"wp-block-media-text__content\">\n<p><\/p>\n\n\n\n<h2 class=\"wp-block-heading has-theme-palette-3-color has-text-color has-link-color has-larger-font-size wp-elements-31abde136a95517226ccdcbf1d8c6104\">Tout peut arriver, il suffit de le vouloir<\/h2>\n\n\n\n<p class=\"has-theme-palette-5-color has-text-color has-link-color wp-elements-38e83c38a2b308e7af457dfb34094025\">Dormir \u00e0 Cornudella de Montsant dans un h\u00e9bergement avec 7 chambres, chacune avec son charme, salle de bain incluse et con\u00e7ues pour offrir une ambiance unique. El Palauet del Priorat vous attend au c\u0153ur du Montsant. Un h\u00e9bergement de charme et familial qui rendra votre visite et votre s\u00e9jour inoubliables.  <\/p>\n\n\n\n<div class=\"wp-block-buttons is-layout-flex wp-block-buttons-is-layout-flex\">\n<div class=\"wp-block-button is-style-outline is-style-outline--1\"><a class=\"wp-block-button__link has-theme-palette-3-color has-text-color has-link-color has-small-font-size has-custom-font-size wp-element-button\" href=\"https:\/\/elpalauetdelpriorat.com\/fr\/nous\/\">D\u00c9COUVREZ-NOUS<\/a><\/div>\n<\/div>\n\n\n\n<p><\/p>\n<\/div><figure class=\"wp-block-media-text__media\"><img loading=\"lazy\" decoding=\"async\" width=\"1024\" height=\"769\" src=\"https:\/\/elpalauetdelpriorat.com\/wp-content\/uploads\/2025\/04\/epdp-1024x769.jpg\" alt=\"\" class=\"wp-image-44 size-full\" srcset=\"https:\/\/elpalauetdelpriorat.com\/wp-content\/uploads\/2025\/04\/epdp-1024x769.jpg 1024w, https:\/\/elpalauetdelpriorat.com\/wp-content\/uploads\/2025\/04\/epdp-600x451.jpg 600w, https:\/\/elpalauetdelpriorat.com\/wp-content\/uploads\/2025\/04\/epdp-300x225.jpg 300w, https:\/\/elpalauetdelpriorat.com\/wp-content\/uploads\/2025\/04\/epdp-768x577.jpg 768w, https:\/\/elpalauetdelpriorat.com\/wp-content\/uploads\/2025\/04\/epdp.jpg 1440w\" sizes=\"auto, (max-width: 1024px) 100vw, 1024px\" \/><\/figure><\/div>\n<\/div><\/div>\n\n<div class=\"wp-block-cover alignfull\"><img loading=\"lazy\" decoding=\"async\" width=\"1500\" height=\"844\" class=\"wp-block-cover__image-background wp-image-527\" alt=\"\" src=\"https:\/\/elpalauetdelpriorat.com\/wp-content\/uploads\/2025\/06\/474007331_648573137499999_8425448507616124703_n.jpg\" data-object-fit=\"cover\" srcset=\"https:\/\/elpalauetdelpriorat.com\/wp-content\/uploads\/2025\/06\/474007331_648573137499999_8425448507616124703_n.jpg 1500w, https:\/\/elpalauetdelpriorat.com\/wp-content\/uploads\/2025\/06\/474007331_648573137499999_8425448507616124703_n-300x169.jpg 300w, https:\/\/elpalauetdelpriorat.com\/wp-content\/uploads\/2025\/06\/474007331_648573137499999_8425448507616124703_n-1024x576.jpg 1024w, https:\/\/elpalauetdelpriorat.com\/wp-content\/uploads\/2025\/06\/474007331_648573137499999_8425448507616124703_n-768x432.jpg 768w, https:\/\/elpalauetdelpriorat.com\/wp-content\/uploads\/2025\/06\/474007331_648573137499999_8425448507616124703_n-600x338.jpg 600w\" sizes=\"auto, (max-width: 1500px) 100vw, 1500px\" \/><span aria-hidden=\"true\" class=\"wp-block-cover__background has-background-dim-0 has-background-dim\" style=\"background-color:#657880\"><\/span><div class=\"wp-block-cover__inner-container is-layout-constrained wp-block-cover-is-layout-constrained\">\n<p class=\"has-text-align-center has-large-font-size\"><\/p>\n<\/div><\/div>\n\n<div class=\"wp-block-cover alignfull is-light\"><span aria-hidden=\"true\" class=\"wp-block-cover__background has-theme-palette-9-background-color has-background-dim\"><\/span><div class=\"wp-block-cover__inner-container is-layout-constrained wp-block-cover-is-layout-constrained\">\n<h2 class=\"wp-block-heading has-text-align-center has-theme-palette-4-color has-text-color has-link-color has-large-font-size wp-elements-b439e3e133784cb3ce238156fbd15778\">SERVICES<\/h2>\n\n\n\n<p class=\"has-text-align-center has-theme-palette-6-color has-text-color has-link-color has-small-font-size wp-elements-2e8f8a1b51f7e915d3f91c7ba97fa950\">D\u00e9couvrez le Montsant pas \u00e0 pas<\/p>\n\n\n<div class=\"wp-block-image\">\n<figure class=\"aligncenter size-full is-resized\"><img loading=\"lazy\" decoding=\"async\" width=\"526\" height=\"42\" src=\"https:\/\/elpalauetdelpriorat.com\/wp-content\/uploads\/2025\/04\/Captura-de-pantalla-2025-04-10-a-las-15.04.58.png\" alt=\"\" class=\"wp-image-68\" style=\"width:258px;height:auto\" srcset=\"https:\/\/elpalauetdelpriorat.com\/wp-content\/uploads\/2025\/04\/Captura-de-pantalla-2025-04-10-a-las-15.04.58.png 526w, https:\/\/elpalauetdelpriorat.com\/wp-content\/uploads\/2025\/04\/Captura-de-pantalla-2025-04-10-a-las-15.04.58-300x24.png 300w\" sizes=\"auto, (max-width: 526px) 100vw, 526px\" \/><\/figure>\n<\/div>\n\n\n<div class=\"wp-block-columns columnas is-layout-flex wp-container-core-columns-is-layout-9d6595d7 wp-block-columns-is-layout-flex\">\n<div class=\"wp-block-column is-layout-flow wp-block-column-is-layout-flow\">\n<figure class=\"wp-block-image size-large\"><img loading=\"lazy\" decoding=\"async\" width=\"1024\" height=\"682\" src=\"https:\/\/elpalauetdelpriorat.com\/wp-content\/uploads\/2025\/04\/habs-1024x682.jpg\" alt=\"\" class=\"wp-image-72\" style=\"aspect-ratio:4\/3;object-fit:cover\" srcset=\"https:\/\/elpalauetdelpriorat.com\/wp-content\/uploads\/2025\/04\/habs-1024x682.jpg 1024w, https:\/\/elpalauetdelpriorat.com\/wp-content\/uploads\/2025\/04\/habs-600x400.jpg 600w, https:\/\/elpalauetdelpriorat.com\/wp-content\/uploads\/2025\/04\/habs-300x200.jpg 300w, https:\/\/elpalauetdelpriorat.com\/wp-content\/uploads\/2025\/04\/habs-768x512.jpg 768w, https:\/\/elpalauetdelpriorat.com\/wp-content\/uploads\/2025\/04\/habs-1536x1024.jpg 1536w, https:\/\/elpalauetdelpriorat.com\/wp-content\/uploads\/2025\/04\/habs.jpg 2000w\" sizes=\"auto, (max-width: 1024px) 100vw, 1024px\" \/><\/figure>\n\n\n\n<h3 class=\"wp-block-heading has-text-align-center\">Chambres<\/h3>\n\n\n\n<p class=\"has-text-align-center\">5 suites et 2 chambres doubles de charme et de personnalit\u00e9 invitant ceux qui y s\u00e9journent \u00e0 vivre une exp\u00e9rience compl\u00e8te dans des ambiances sereines et harmonieuses.<\/p>\n\n\n\n<p class=\"has-text-align-center estilo\"><a href=\"https:\/\/elpalauetdelpriorat.com\/fr\/les-chambres\/\" data-type=\"page\" data-id=\"89\">LES 7 MERVEILLES<\/a><\/p>\n<\/div>\n\n\n\n<div class=\"wp-block-column is-layout-flow wp-block-column-is-layout-flow\">\n<figure class=\"wp-block-image size-large\"><img loading=\"lazy\" decoding=\"async\" width=\"1024\" height=\"767\" src=\"https:\/\/elpalauetdelpriorat.com\/wp-content\/uploads\/2025\/04\/pack-desconnexio-foto-1024x767.jpg\" alt=\"\" class=\"wp-image-264\" style=\"aspect-ratio:4\/3;object-fit:cover\" srcset=\"https:\/\/elpalauetdelpriorat.com\/wp-content\/uploads\/2025\/04\/pack-desconnexio-foto-1024x767.jpg 1024w, https:\/\/elpalauetdelpriorat.com\/wp-content\/uploads\/2025\/04\/pack-desconnexio-foto-600x450.jpg 600w, https:\/\/elpalauetdelpriorat.com\/wp-content\/uploads\/2025\/04\/pack-desconnexio-foto-300x225.jpg 300w, https:\/\/elpalauetdelpriorat.com\/wp-content\/uploads\/2025\/04\/pack-desconnexio-foto-768x576.jpg 768w, https:\/\/elpalauetdelpriorat.com\/wp-content\/uploads\/2025\/04\/pack-desconnexio-foto.jpg 1441w\" sizes=\"auto, (max-width: 1024px) 100vw, 1024px\" \/><\/figure>\n\n\n\n<h3 class=\"wp-block-heading has-text-align-center\">Exp\u00e9riences<\/h3>\n\n\n\n<p class=\"has-text-align-center\">Tout peut arriver, il suffit de le vouloir. Anticipez et contactez-nous au moment de la r\u00e9servation. Nous organisons votre s\u00e9jour en une exp\u00e9rience pour \u00e9veiller les SENS.  <\/p>\n\n\n\n<p class=\"has-text-align-center estilo\"><a href=\"https:\/\/elpalauetdelpriorat.com\/fr\/experiences\/\" data-type=\"page\" data-id=\"147\">Planifiez votre exp\u00e9rience<\/a><\/p>\n<\/div>\n\n\n\n<div class=\"wp-block-column is-layout-flow wp-block-column-is-layout-flow\">\n<figure class=\"wp-block-image size-large\"><img loading=\"lazy\" decoding=\"async\" width=\"1024\" height=\"683\" src=\"https:\/\/elpalauetdelpriorat.com\/wp-content\/uploads\/2025\/04\/servicios2-1024x683.jpg\" alt=\"\" class=\"wp-image-70\" style=\"aspect-ratio:4\/3;object-fit:cover\" srcset=\"https:\/\/elpalauetdelpriorat.com\/wp-content\/uploads\/2025\/04\/servicios2-1024x683.jpg 1024w, https:\/\/elpalauetdelpriorat.com\/wp-content\/uploads\/2025\/04\/servicios2-600x400.jpg 600w, https:\/\/elpalauetdelpriorat.com\/wp-content\/uploads\/2025\/04\/servicios2-300x200.jpg 300w, https:\/\/elpalauetdelpriorat.com\/wp-content\/uploads\/2025\/04\/servicios2-768x512.jpg 768w, https:\/\/elpalauetdelpriorat.com\/wp-content\/uploads\/2025\/04\/servicios2.jpg 1107w\" sizes=\"auto, (max-width: 1024px) 100vw, 1024px\" \/><\/figure>\n\n\n\n<h3 class=\"wp-block-heading has-text-align-center\">Services<\/h3>\n\n\n\n<p class=\"has-text-align-center\">Venez d\u00e9couvrir tous les services dont vous pouvez profiter au Palauet del Priorat.<\/p>\n\n\n\n<p class=\"has-text-align-center estilo\"><a href=\"https:\/\/elpalauetdelpriorat.com\/fr\/services\/\" data-type=\"page\" data-id=\"130\">Voir plus<\/a><\/p>\n<\/div>\n<\/div>\n\n\n\n<div class=\"wp-block-columns are-vertically-aligned-center is-layout-flex wp-container-core-columns-is-layout-2d85a6ef wp-block-columns-is-layout-flex\" style=\"margin-top:var(--wp--preset--spacing--80);margin-bottom:var(--wp--preset--spacing--80)\">\n<div class=\"wp-block-column is-vertically-aligned-center is-layout-flow wp-block-column-is-layout-flow\" style=\"padding-right:var(--wp--preset--spacing--80);padding-left:var(--wp--preset--spacing--80)\">\n<h2 class=\"wp-block-heading has-xxlarge-font-size\">Un espace exclusif vous attend pour vous s\u00e9duire<\/h2>\n<\/div>\n\n\n\n<div class=\"wp-block-column is-vertically-aligned-center is-layout-flow wp-block-column-is-layout-flow\">\n<p>Paix, confort et harmonie parfaite, le Palauet del Priorat, est un h\u00e9bergement rural de charme situ\u00e9 \u00e0 Cornudella de Montsant, entour\u00e9 d&rsquo;environnements et de paysages idylliques dans la r\u00e9gion du Priorat, \u00e0 seulement 40 km de Tarragone et \u00e0 1h30 de Barcelone.<\/p>\n<\/div>\n<\/div>\n<\/div><\/div>\n\n<div class=\"wp-block-cover alignfull\" style=\"min-height:634px;aspect-ratio:unset;\"><img loading=\"lazy\" decoding=\"async\" width=\"2000\" height=\"1333\" class=\"wp-block-cover__image-background wp-image-86\" alt=\"\" src=\"https:\/\/elpalauetdelpriorat.com\/wp-content\/uploads\/2025\/04\/gastro.jpg\" data-object-fit=\"cover\" srcset=\"https:\/\/elpalauetdelpriorat.com\/wp-content\/uploads\/2025\/04\/gastro.jpg 2000w, https:\/\/elpalauetdelpriorat.com\/wp-content\/uploads\/2025\/04\/gastro-600x400.jpg 600w, https:\/\/elpalauetdelpriorat.com\/wp-content\/uploads\/2025\/04\/gastro-300x200.jpg 300w, https:\/\/elpalauetdelpriorat.com\/wp-content\/uploads\/2025\/04\/gastro-1024x682.jpg 1024w, https:\/\/elpalauetdelpriorat.com\/wp-content\/uploads\/2025\/04\/gastro-768x512.jpg 768w, https:\/\/elpalauetdelpriorat.com\/wp-content\/uploads\/2025\/04\/gastro-1536x1024.jpg 1536w\" sizes=\"auto, (max-width: 2000px) 100vw, 2000px\" \/><span aria-hidden=\"true\" class=\"wp-block-cover__background has-theme-palette-3-background-color has-background-dim-20 has-background-dim\"><\/span><div class=\"wp-block-cover__inner-container is-layout-constrained wp-block-cover-is-layout-constrained\">\n<h2 class=\"wp-block-heading has-text-align-center has-theme-palette-9-color has-text-color has-link-color has-large-font-size wp-elements-902b881aeecb27eb9c5ea9afb85e25f9\">Exp\u00e9riences gastronomiques<\/h2>\n\n\n\n<p class=\"has-text-align-center has-theme-palette-9-color has-text-color has-link-color wp-elements-693ba376cb2e8eb23308c4cf59689e2d\">VENEZ EXP\u00c9RIMENTER NOS SECRETS<\/p>\n<\/div><\/div>\n","protected":false},"excerpt":{"rendered":"","protected":false},"author":1,"featured_media":0,"parent":0,"menu_order":0,"comment_status":"closed","ping_status":"open","template":"","meta":{"_kad_post_transparent":"","_kad_post_title":"","_kad_post_layout":"","_kad_post_sidebar_id":"","_kad_post_content_style":"","_kad_post_vertical_padding":"","_kad_post_feature":"","_kad_post_feature_position":"","_kad_post_header":false,"_kad_post_footer":false,"_kad_post_classname":"","footnotes":""},"class_list":["post-1217","page","type-page","status-publish","hentry"],"_links":{"self":[{"href":"https:\/\/elpalauetdelpriorat.com\/fr\/wp-json\/wp\/v2\/pages\/1217","targetHints":{"allow":["GET"]}}],"collection":[{"href":"https:\/\/elpalauetdelpriorat.com\/fr\/wp-json\/wp\/v2\/pages"}],"about":[{"href":"https:\/\/elpalauetdelpriorat.com\/fr\/wp-json\/wp\/v2\/types\/page"}],"author":[{"embeddable":true,"href":"https:\/\/elpalauetdelpriorat.com\/fr\/wp-json\/wp\/v2\/users\/1"}],"replies":[{"embeddable":true,"href":"https:\/\/elpalauetdelpriorat.com\/fr\/wp-json\/wp\/v2\/comments?post=1217"}],"version-history":[{"count":2,"href":"https:\/\/elpalauetdelpriorat.com\/fr\/wp-json\/wp\/v2\/pages\/1217\/revisions"}],"predecessor-version":[{"id":2517,"href":"https:\/\/elpalauetdelpriorat.com\/fr\/wp-json\/wp\/v2\/pages\/1217\/revisions\/2517"}],"wp:attachment":[{"href":"https:\/\/elpalauetdelpriorat.com\/fr\/wp-json\/wp\/v2\/media?parent=1217"}],"curies":[{"name":"wp","href":"https:\/\/api.w.org\/{rel}","templated":true}]}}